{"id":150,"date":"2015-01-09T12:56:00","date_gmt":"2015-01-09T12:56:00","guid":{"rendered":"http:\/\/localhost\/wordpress\/?page_id=150"},"modified":"2015-01-17T20:38:40","modified_gmt":"2015-01-17T20:38:40","slug":"charity-dinner-2014","status":"publish","type":"page","link":"https:\/\/berliner-toleranzbuendnis.de\/?page_id=150","title":{"rendered":"Charity Dinner"},"content":{"rendered":"<p><span style=\"text-decoration: underline;\"><strong>Charity Dinner<\/strong><strong> 2014<\/strong><\/span><\/p>\n<p><span style=\"text-decoration: underline;\">Gala Event im Quatsch Comedy Club im Berliner Friedrichstadt-Palast<\/span><\/p>\n<p>&nbsp;<\/p>\n<div id=\"attachment_627\" style=\"width: 610px\" class=\"wp-caption aligncenter\"><a href=\"http:\/\/berliner-toleranzbuendnis.de\/wp-content\/uploads\/2015\/01\/141010_BTB_MANEO_Handout_page88_image313.jpg\"><img loading=\"lazy\" decoding=\"async\" aria-describedby=\"caption-attachment-627\" class=\"wp-image-627 size-full\" src=\"http:\/\/berliner-toleranzbuendnis.de\/wp-content\/uploads\/2015\/01\/141010_BTB_MANEO_Handout_page88_image313-e1421516490193.jpg\" alt=\"20.10.14 (v.l.n.r.): Dr. Berndt Schmidt, Intendant des Berliner Friedrichstadt-Palast, Michael M\u00fcller, B\u00fcrgermeister und Senator f\u00fcr Stadtentwicklung, Gabi Decker, Kabarettistin und S\u00e4ngerin, und Klaus Wowereit, Regierender B\u00fcrgermeister von Berlin, wurden von MANEO Leiter Bastian Finke begr\u00fc\u00dft zum Charity Dinner begr\u00fc\u00dft. Foto: B. Dummer.\" width=\"600\" height=\"370\" \/><\/a><p id=\"caption-attachment-627\" class=\"wp-caption-text\">20.10.14 (v.l.n.r.): Dr. Berndt Schmidt, Intendant des Berliner Friedrichstadt-Palast, Michael M\u00fcller, B\u00fcrgermeister und Senator f\u00fcr Stadtentwicklung, Gabi Decker, Kabarettistin und S\u00e4ngerin, und Klaus Wowereit, Regierender B\u00fcrgermeister von Berlin, wurden von MANEO Leiter Bastian Finke begr\u00fc\u00dft zum Charity Dinner begr\u00fc\u00dft. Foto: B. Dummer.<\/p><\/div>\n<p><strong>\u00a0Am 20. Oktober 2014 lud MANEO zum diesj\u00e4hrigen Charity Dinner in den deutschlandweit bekannten Quatsch Comedy Club im Berliner Friedrichstadt-Palast ein. Der Regierende B\u00fcrgermeister von Berlin Klaus Wowereit hatte die Schirmherrschaft \u00fcbernommen. \u00dcber 130 G\u00e4ste aus Politik, Wirtschaft und Kultur waren gekommen.<\/strong><\/p>\n<p>Mit dem Charity Dinner wurden Spenden f\u00fcr das schwule Anti-Gewalt-Projekt MANEO gesammelt, das seit vierundzwanzig Jahren vor allem dank ehrenamtlicher Hilfe erfolgreich seine Arbeit im Bereich der Opferhilfe, Gewaltpr\u00e4vention und vielen weiteren Bereichen in Berlin leisten kann.<\/p>\n<p>MANEO danke und w\u00fcrdigte die Verdienste des scheidenden Regierenden B\u00fcrgermeisters von Berlin, Klaus Wowereit, und begr\u00fc\u00dfte unter den G\u00e4sten gleichsam den designierten Nachfolger Michael M\u00fcller. Zu den weiteren G\u00e4sten des Charity Dinners z\u00e4hlten u.a. Klaus Kandt, der Berliner Polizeipr\u00e4sident, Angelika Sch\u00f6ttler, die Bezirksb\u00fcrgermeisterin von Tempelhof-Sch\u00f6neberg, Reinhard Naumann, Bezirksb\u00fcrgermeister von Charlottenburg-Wilmersdorf, Andr\u00e9 Schmitz, Berliner Kulturstaatssekret\u00e4r a.D., David Pereira, Shootingstar im Wintergarten (Der helle Wahnsinn), Peter Kurth, Berliner Finanzsenator a.D., Christian Matthe\u00e9, Fernsehreporter des rbb, Karsten Roeder, Gesch\u00e4ftsf\u00fchrer von Schwartzkopff TV Productions (The Voice of Germany, Ein Herz f\u00fcr Kinder), Norbert Thormann, Berghain, die Berliner Abgeordneten Tom Schreiber (SPD) und Thomas Birk (Gr\u00fcne), Bernd Schachtsiek, Pr\u00e4sident des V\u00f6lklinger Kreises und Jurgen Daenens, Vorsitzender der LSU Berlin.<\/p>\n<p><strong><span style=\"color: #ff6600;\">MANEO Charity Dinner 2014 \u2013 Eindr\u00fccke<\/span><\/strong><\/p>\n<p><strong>(<\/strong>alle Fotos: B. Dummer)<\/p>\n<p><span style=\"color: #808080;\"><em>Bildergalerie &#8211; Klicken Sie auf die Bilder um Gallerie zu starten<\/em><\/span><\/p>\n\n\t\t<style type=\"text\/css\">\n\t\t\t#gallery-1 {\n\t\t\t\tmargin: auto;\n\t\t\t}\n\t\t\t#gallery-1 .gallery-item {\n\t\t\t\tfloat: left;\n\t\t\t\tmargin-top: 10px;\n\t\t\t\ttext-align: center;\n\t\t\t\twidth: 50%;\n\t\t\t}\n\t\t\t#gallery-1 img {\n\t\t\t\tborder: 2px solid #cfcfcf;\n\t\t\t}\n\t\t\t#gallery-1 .gallery-caption {\n\t\t\t\tmargin-left: 0;\n\t\t\t}\n\t\t\t\/* see gallery_shortcode() in wp-includes\/media.php *\/\n\t\t<\/style>\n\t\t<div id='gallery-1' class='gallery galleryid-150 gallery-columns-2 gallery-size-medium'><dl class='gallery-item'>\n\t\t\t<dt class='gallery-icon landscape'>\n\t\t\t\t<a href='https:\/\/berliner-toleranzbuendnis.de\/wp-content\/uploads\/2015\/01\/141010_BTB_MANEO_Handout_page88_image322.jpg'><img loading=\"lazy\" decoding=\"async\" width=\"300\" height=\"200\" src=\"https:\/\/berliner-toleranzbuendnis.de\/wp-content\/uploads\/2015\/01\/141010_BTB_MANEO_Handout_page88_image322-300x200.jpg\" class=\"attachment-medium size-medium\" alt=\"\" aria-describedby=\"gallery-1-633\" srcset=\"https:\/\/berliner-toleranzbuendnis.de\/wp-content\/uploads\/2015\/01\/141010_BTB_MANEO_Handout_page88_image322-300x200.jpg 300w, https:\/\/berliner-toleranzbuendnis.de\/wp-content\/uploads\/2015\/01\/141010_BTB_MANEO_Handout_page88_image322-225x150.jpg 225w, https:\/\/berliner-toleranzbuendnis.de\/wp-content\/uploads\/2015\/01\/141010_BTB_MANEO_Handout_page88_image322-150x100.jpg 150w, https:\/\/berliner-toleranzbuendnis.de\/wp-content\/uploads\/2015\/01\/141010_BTB_MANEO_Handout_page88_image322.jpg 609w\" sizes=\"auto, (max-width: 300px) 100vw, 300px\" \/><\/a>\n\t\t\t<\/dt>\n\t\t\t\t<dd class='wp-caption-text gallery-caption' id='gallery-1-633'>\n\t\t\t\tMichael M\u00fcller, B\u00fcrgermeister und Senator f\u00fcr Stadtentwick-lung (li.), und Andr\u00e9 Schmitz, Kultursenator a.D. und Mitglied des MANEO-Einladungskomitees (re.).\n\t\t\t\t<\/dd><\/dl><dl class='gallery-item'>\n\t\t\t<dt class='gallery-icon landscape'>\n\t\t\t\t<a href='https:\/\/berliner-toleranzbuendnis.de\/wp-content\/uploads\/2015\/01\/141010_BTB_MANEO_Handout_page88_image321.jpg'><img loading=\"lazy\" decoding=\"async\" width=\"300\" height=\"200\" src=\"https:\/\/berliner-toleranzbuendnis.de\/wp-content\/uploads\/2015\/01\/141010_BTB_MANEO_Handout_page88_image321-300x200.jpg\" class=\"attachment-medium size-medium\" alt=\"\" aria-describedby=\"gallery-1-632\" srcset=\"https:\/\/berliner-toleranzbuendnis.de\/wp-content\/uploads\/2015\/01\/141010_BTB_MANEO_Handout_page88_image321-300x200.jpg 300w, https:\/\/berliner-toleranzbuendnis.de\/wp-content\/uploads\/2015\/01\/141010_BTB_MANEO_Handout_page88_image321-225x150.jpg 225w, https:\/\/berliner-toleranzbuendnis.de\/wp-content\/uploads\/2015\/01\/141010_BTB_MANEO_Handout_page88_image321-150x100.jpg 150w, https:\/\/berliner-toleranzbuendnis.de\/wp-content\/uploads\/2015\/01\/141010_BTB_MANEO_Handout_page88_image321.jpg 609w\" sizes=\"auto, (max-width: 300px) 100vw, 300px\" \/><\/a>\n\t\t\t<\/dt>\n\t\t\t\t<dd class='wp-caption-text gallery-caption' id='gallery-1-632'>\n\t\t\t\tZu den G\u00e4sten z\u00e4hlte auch der Polizeipr\u00e4sident in Berlin, Klaus Kandt (li.). hier zusammen mit MANEO Leiter Bastian Finke (re.).\n\t\t\t\t<\/dd><\/dl><br style=\"clear: both\" \/><dl class='gallery-item'>\n\t\t\t<dt class='gallery-icon landscape'>\n\t\t\t\t<a href='https:\/\/berliner-toleranzbuendnis.de\/wp-content\/uploads\/2015\/01\/141010_BTB_MANEO_Handout_page88_image320.jpg'><img loading=\"lazy\" decoding=\"async\" width=\"300\" height=\"200\" src=\"https:\/\/berliner-toleranzbuendnis.de\/wp-content\/uploads\/2015\/01\/141010_BTB_MANEO_Handout_page88_image320-300x200.jpg\" class=\"attachment-medium size-medium\" alt=\"\" aria-describedby=\"gallery-1-631\" srcset=\"https:\/\/berliner-toleranzbuendnis.de\/wp-content\/uploads\/2015\/01\/141010_BTB_MANEO_Handout_page88_image320-300x200.jpg 300w, https:\/\/berliner-toleranzbuendnis.de\/wp-content\/uploads\/2015\/01\/141010_BTB_MANEO_Handout_page88_image320-225x150.jpg 225w, https:\/\/berliner-toleranzbuendnis.de\/wp-content\/uploads\/2015\/01\/141010_BTB_MANEO_Handout_page88_image320-150x100.jpg 150w, https:\/\/berliner-toleranzbuendnis.de\/wp-content\/uploads\/2015\/01\/141010_BTB_MANEO_Handout_page88_image320.jpg 607w\" sizes=\"auto, (max-width: 300px) 100vw, 300px\" \/><\/a>\n\t\t\t<\/dt>\n\t\t\t\t<dd class='wp-caption-text gallery-caption' id='gallery-1-631'>\n\t\t\t\tJack Woodhead, (\u201eDer Helle Wahnsinn\u201c) pr\u00e4sentierte eigens f\u00fcr den Abend komponierte Lieder\u2026\n\t\t\t\t<\/dd><\/dl><dl class='gallery-item'>\n\t\t\t<dt class='gallery-icon landscape'>\n\t\t\t\t<a href='https:\/\/berliner-toleranzbuendnis.de\/wp-content\/uploads\/2015\/01\/141010_BTB_MANEO_Handout_page88_image318.jpg'><img loading=\"lazy\" decoding=\"async\" width=\"300\" height=\"200\" src=\"https:\/\/berliner-toleranzbuendnis.de\/wp-content\/uploads\/2015\/01\/141010_BTB_MANEO_Handout_page88_image318-300x200.jpg\" class=\"attachment-medium size-medium\" alt=\"\" aria-describedby=\"gallery-1-629\" srcset=\"https:\/\/berliner-toleranzbuendnis.de\/wp-content\/uploads\/2015\/01\/141010_BTB_MANEO_Handout_page88_image318-300x200.jpg 300w, https:\/\/berliner-toleranzbuendnis.de\/wp-content\/uploads\/2015\/01\/141010_BTB_MANEO_Handout_page88_image318-225x150.jpg 225w, https:\/\/berliner-toleranzbuendnis.de\/wp-content\/uploads\/2015\/01\/141010_BTB_MANEO_Handout_page88_image318-150x100.jpg 150w, https:\/\/berliner-toleranzbuendnis.de\/wp-content\/uploads\/2015\/01\/141010_BTB_MANEO_Handout_page88_image318.jpg 607w\" sizes=\"auto, (max-width: 300px) 100vw, 300px\" \/><\/a>\n\t\t\t<\/dt>\n\t\t\t\t<dd class='wp-caption-text gallery-caption' id='gallery-1-629'>\n\t\t\t\tDer bekannte T\u00e4nzer und K\u00fcnstler Cihangir G\u00fcm\u00fcst\u00fcrkmen verzauberte mit seinem burlesquen Tanz.\n\t\t\t\t<\/dd><\/dl><br style=\"clear: both\" \/><dl class='gallery-item'>\n\t\t\t<dt class='gallery-icon landscape'>\n\t\t\t\t<a href='https:\/\/berliner-toleranzbuendnis.de\/wp-content\/uploads\/2015\/01\/141010_BTB_MANEO_Handout_page88_image319.jpg'><img loading=\"lazy\" decoding=\"async\" width=\"300\" height=\"200\" src=\"https:\/\/berliner-toleranzbuendnis.de\/wp-content\/uploads\/2015\/01\/141010_BTB_MANEO_Handout_page88_image319-300x200.jpg\" class=\"attachment-medium size-medium\" alt=\"\" aria-describedby=\"gallery-1-630\" srcset=\"https:\/\/berliner-toleranzbuendnis.de\/wp-content\/uploads\/2015\/01\/141010_BTB_MANEO_Handout_page88_image319-300x200.jpg 300w, https:\/\/berliner-toleranzbuendnis.de\/wp-content\/uploads\/2015\/01\/141010_BTB_MANEO_Handout_page88_image319-225x150.jpg 225w, https:\/\/berliner-toleranzbuendnis.de\/wp-content\/uploads\/2015\/01\/141010_BTB_MANEO_Handout_page88_image319-150x100.jpg 150w, https:\/\/berliner-toleranzbuendnis.de\/wp-content\/uploads\/2015\/01\/141010_BTB_MANEO_Handout_page88_image319.jpg 607w\" sizes=\"auto, (max-width: 300px) 100vw, 300px\" \/><\/a>\n\t\t\t<\/dt>\n\t\t\t\t<dd class='wp-caption-text gallery-caption' id='gallery-1-630'>\n\t\t\t\tTolerantia-Award f\u00fcr Corny Littmann (li.), mit Jurymitglieder Christa Arnet (2.v.li) und Moritz Konradi (2.v.re).\n\t\t\t\t<\/dd><\/dl><dl class='gallery-item'>\n\t\t\t<dt class='gallery-icon landscape'>\n\t\t\t\t<a href='https:\/\/berliner-toleranzbuendnis.de\/wp-content\/uploads\/2015\/01\/141010_BTB_MANEO_Handout_page88_image317.jpg'><img loading=\"lazy\" decoding=\"async\" width=\"300\" height=\"200\" src=\"https:\/\/berliner-toleranzbuendnis.de\/wp-content\/uploads\/2015\/01\/141010_BTB_MANEO_Handout_page88_image317-300x200.jpg\" class=\"attachment-medium size-medium\" alt=\"\" aria-describedby=\"gallery-1-628\" srcset=\"https:\/\/berliner-toleranzbuendnis.de\/wp-content\/uploads\/2015\/01\/141010_BTB_MANEO_Handout_page88_image317-300x200.jpg 300w, https:\/\/berliner-toleranzbuendnis.de\/wp-content\/uploads\/2015\/01\/141010_BTB_MANEO_Handout_page88_image317-225x150.jpg 225w, https:\/\/berliner-toleranzbuendnis.de\/wp-content\/uploads\/2015\/01\/141010_BTB_MANEO_Handout_page88_image317-150x100.jpg 150w, https:\/\/berliner-toleranzbuendnis.de\/wp-content\/uploads\/2015\/01\/141010_BTB_MANEO_Handout_page88_image317.jpg 607w\" sizes=\"auto, (max-width: 300px) 100vw, 300px\" \/><\/a>\n\t\t\t<\/dt>\n\t\t\t\t<dd class='wp-caption-text gallery-caption' id='gallery-1-628'>\n\t\t\t\tMANEO-Award f\u00fcr Intendant Dr. Berndt Schmidt, mit Jury-mitglieder Lala S\u00fcsskind und Martin Reichert.\n\t\t\t\t<\/dd><\/dl><br style=\"clear: both\" \/>\n\t\t<\/div>\n\n<hr \/>\n<p><strong><span style=\"text-decoration: underline;\">Charity Dinner<\/span> 2013<\/strong><\/p>\n<p><strong>Am 28. Oktober 2013 lud MANEO in den deutschlandweit bekannten Quatsch Comedy Club des renommierten Fernsehmoderators und Entertainers Thomas Hermanns zu einem Abendessen ein.<\/strong><\/p>\n<p><a href=\"http:\/\/berliner-toleranzbuendnis.de\/wp-content\/uploads\/2015\/01\/141010_BTB_MANEO_Handout_page88_image328.jpg\"><img loading=\"lazy\" decoding=\"async\" class=\"aligncenter wp-image-646 size-full\" src=\"http:\/\/berliner-toleranzbuendnis.de\/wp-content\/uploads\/2015\/01\/141010_BTB_MANEO_Handout_page88_image328-e1421518134905.jpg\" alt=\"\" width=\"600\" height=\"281\" \/><\/a>Das Charity Dinner stand unter der Schirmherrschaft des Regierenden B\u00fcrgermeisters von Berlin Klaus Wowereit. Er und weitere prominente Personen hatten ihre Unterst\u00fctzung zugesagt: <strong>Andr\u00e9 Schmitz<\/strong>, Staatssekret\u00e4r f\u00fcr kulturelle Angelegenheiten, <strong>Alexander Stra\u00dfmeir<\/strong>, Staatssekret\u00e4r f\u00fcr Justiz, <strong>Lala S\u00fcsskind<\/strong>, ehemalige Vorsitzende der J\u00fcdischen Gemeinde zu Berlin, <strong>Peter Kurth<\/strong>, Berliner Finanzsenator e.D., <strong>Thomas Herrmanns<\/strong>, Fernsehmoderator und Entertainer, <strong>Dr. Berndt Schmidt<\/strong>, Intendant Friedrichstadt-Palast, <strong>Barrie Kosky<\/strong>, Intendant Komische Oper Berlin, <strong>Wieland Speck<\/strong>, Internationale Filmfestspiele Berlin, <strong>Bruno Gm\u00fcnder<\/strong>, Unternehmer, <strong>Gabi Decker<\/strong>, Kabarettistin, <strong>Judy Winter<\/strong>, Schauspielerin. 120 G\u00e4ste aus den Bereichen Politik, Wirtschaft, Sport, Show und Kultur nahmen am Event teil.<\/p>\n<p>W\u00e4hrend des Charity-Dinner wurde die deutsche Preistr\u00e4gerin des europ\u00e4ischen Tolerantia-Award 2013, Rechtsanw\u00e4ltin <strong>Maria Sabine Augstein<\/strong>, geehrt. Sie hatte sich vor dem Bundesverfassungsgericht mehrfach erfolgreich f\u00fcr die Gleichberechtigung von Homosexuellen eingesetzt.<\/p>\n<p><strong><span style=\"color: #ff6600;\">MANEO Charity Dinner 2013 \u2013 Eindr\u00fccke<\/span><\/strong><\/p>\n<p><span style=\"color: #808080;\"><em>Bildergalerie &#8211; Klicken Sie auf die Bilder um Gallerie zu starten<\/em><\/span><\/p>\n\n\t\t<style type=\"text\/css\">\n\t\t\t#gallery-2 {\n\t\t\t\tmargin: auto;\n\t\t\t}\n\t\t\t#gallery-2 .gallery-item {\n\t\t\t\tfloat: left;\n\t\t\t\tmargin-top: 10px;\n\t\t\t\ttext-align: center;\n\t\t\t\twidth: 50%;\n\t\t\t}\n\t\t\t#gallery-2 img {\n\t\t\t\tborder: 2px solid #cfcfcf;\n\t\t\t}\n\t\t\t#gallery-2 .gallery-caption {\n\t\t\t\tmargin-left: 0;\n\t\t\t}\n\t\t\t\/* see gallery_shortcode() in wp-includes\/media.php *\/\n\t\t<\/style>\n\t\t<div id='gallery-2' class='gallery galleryid-150 gallery-columns-2 gallery-size-medium'><dl class='gallery-item'>\n\t\t\t<dt class='gallery-icon landscape'>\n\t\t\t\t<a href='https:\/\/berliner-toleranzbuendnis.de\/wp-content\/uploads\/2015\/01\/141010_BTB_MANEO_Handout_page88_image326.jpg'><img loading=\"lazy\" decoding=\"async\" width=\"300\" height=\"192\" src=\"https:\/\/berliner-toleranzbuendnis.de\/wp-content\/uploads\/2015\/01\/141010_BTB_MANEO_Handout_page88_image326-300x192.jpg\" class=\"attachment-medium size-medium\" alt=\"\" aria-describedby=\"gallery-2-637\" srcset=\"https:\/\/berliner-toleranzbuendnis.de\/wp-content\/uploads\/2015\/01\/141010_BTB_MANEO_Handout_page88_image326-300x192.jpg 300w, https:\/\/berliner-toleranzbuendnis.de\/wp-content\/uploads\/2015\/01\/141010_BTB_MANEO_Handout_page88_image326-234x150.jpg 234w, https:\/\/berliner-toleranzbuendnis.de\/wp-content\/uploads\/2015\/01\/141010_BTB_MANEO_Handout_page88_image326-150x96.jpg 150w, https:\/\/berliner-toleranzbuendnis.de\/wp-content\/uploads\/2015\/01\/141010_BTB_MANEO_Handout_page88_image326.jpg 539w\" sizes=\"auto, (max-width: 300px) 100vw, 300px\" \/><\/a>\n\t\t\t<\/dt>\n\t\t\t\t<dd class='wp-caption-text gallery-caption' id='gallery-2-637'>\n\t\t\t\t120 G\u00e4ste nahmen am MANEO Charity Dinner teil und f\u00fcllten den Saal des Quatsch Comedy Clubs. Foto: B. Dummer.\n\t\t\t\t<\/dd><\/dl><dl class='gallery-item'>\n\t\t\t<dt class='gallery-icon landscape'>\n\t\t\t\t<a href='https:\/\/berliner-toleranzbuendnis.de\/wp-content\/uploads\/2015\/01\/141010_BTB_MANEO_Handout_page88_image327.jpg'><img loading=\"lazy\" decoding=\"async\" width=\"300\" height=\"201\" src=\"https:\/\/berliner-toleranzbuendnis.de\/wp-content\/uploads\/2015\/01\/141010_BTB_MANEO_Handout_page88_image327-300x201.jpg\" class=\"attachment-medium size-medium\" alt=\"\" aria-describedby=\"gallery-2-638\" srcset=\"https:\/\/berliner-toleranzbuendnis.de\/wp-content\/uploads\/2015\/01\/141010_BTB_MANEO_Handout_page88_image327-300x201.jpg 300w, https:\/\/berliner-toleranzbuendnis.de\/wp-content\/uploads\/2015\/01\/141010_BTB_MANEO_Handout_page88_image327-224x150.jpg 224w, https:\/\/berliner-toleranzbuendnis.de\/wp-content\/uploads\/2015\/01\/141010_BTB_MANEO_Handout_page88_image327-150x100.jpg 150w, https:\/\/berliner-toleranzbuendnis.de\/wp-content\/uploads\/2015\/01\/141010_BTB_MANEO_Handout_page88_image327.jpg 504w\" sizes=\"auto, (max-width: 300px) 100vw, 300px\" \/><\/a>\n\t\t\t<\/dt>\n\t\t\t\t<dd class='wp-caption-text gallery-caption' id='gallery-2-638'>\n\t\t\t\tHausherr Thomas Hermanns, MANEO Leiter Bastian Finke und Staatsekret\u00e4r Andr\u00e9 Schmitz. Foto: B. Dummer.\n\t\t\t\t<\/dd><\/dl><br style=\"clear: both\" \/><dl class='gallery-item'>\n\t\t\t<dt class='gallery-icon landscape'>\n\t\t\t\t<a href='https:\/\/berliner-toleranzbuendnis.de\/wp-content\/uploads\/2015\/01\/141010_BTB_MANEO_Handout_page88_image337.jpg'><img loading=\"lazy\" decoding=\"async\" width=\"300\" height=\"204\" src=\"https:\/\/berliner-toleranzbuendnis.de\/wp-content\/uploads\/2015\/01\/141010_BTB_MANEO_Handout_page88_image337-300x204.jpg\" class=\"attachment-medium size-medium\" alt=\"\" aria-describedby=\"gallery-2-644\" srcset=\"https:\/\/berliner-toleranzbuendnis.de\/wp-content\/uploads\/2015\/01\/141010_BTB_MANEO_Handout_page88_image337-300x204.jpg 300w, https:\/\/berliner-toleranzbuendnis.de\/wp-content\/uploads\/2015\/01\/141010_BTB_MANEO_Handout_page88_image337-221x150.jpg 221w, https:\/\/berliner-toleranzbuendnis.de\/wp-content\/uploads\/2015\/01\/141010_BTB_MANEO_Handout_page88_image337-150x102.jpg 150w, https:\/\/berliner-toleranzbuendnis.de\/wp-content\/uploads\/2015\/01\/141010_BTB_MANEO_Handout_page88_image337-297x201.jpg 297w, https:\/\/berliner-toleranzbuendnis.de\/wp-content\/uploads\/2015\/01\/141010_BTB_MANEO_Handout_page88_image337.jpg 551w\" sizes=\"auto, (max-width: 300px) 100vw, 300px\" \/><\/a>\n\t\t\t<\/dt>\n\t\t\t\t<dd class='wp-caption-text gallery-caption' id='gallery-2-644'>\n\t\t\t\tDie K\u00fcnstlerinnen Gabi Decker und Judy Winter unterhielten mit Gesang. Foto: B. Dummer.\n\t\t\t\t<\/dd><\/dl><dl class='gallery-item'>\n\t\t\t<dt class='gallery-icon landscape'>\n\t\t\t\t<a href='https:\/\/berliner-toleranzbuendnis.de\/wp-content\/uploads\/2015\/01\/141010_BTB_MANEO_Handout_page88_image336.jpg'><img loading=\"lazy\" decoding=\"async\" width=\"300\" height=\"205\" src=\"https:\/\/berliner-toleranzbuendnis.de\/wp-content\/uploads\/2015\/01\/141010_BTB_MANEO_Handout_page88_image336-300x205.jpg\" class=\"attachment-medium size-medium\" alt=\"\" aria-describedby=\"gallery-2-643\" srcset=\"https:\/\/berliner-toleranzbuendnis.de\/wp-content\/uploads\/2015\/01\/141010_BTB_MANEO_Handout_page88_image336-300x205.jpg 300w, https:\/\/berliner-toleranzbuendnis.de\/wp-content\/uploads\/2015\/01\/141010_BTB_MANEO_Handout_page88_image336-220x150.jpg 220w, https:\/\/berliner-toleranzbuendnis.de\/wp-content\/uploads\/2015\/01\/141010_BTB_MANEO_Handout_page88_image336-150x102.jpg 150w, https:\/\/berliner-toleranzbuendnis.de\/wp-content\/uploads\/2015\/01\/141010_BTB_MANEO_Handout_page88_image336.jpg 551w\" sizes=\"auto, (max-width: 300px) 100vw, 300px\" \/><\/a>\n\t\t\t<\/dt>\n\t\t\t\t<dd class='wp-caption-text gallery-caption' id='gallery-2-643'>\n\t\t\t\tLala S\u00fc\u00dfkind, Staatssekret\u00e4r Andr\u00e9 Schmitz und Barbara Sch\u00f6ne. Foto: B. Dummer.\n\t\t\t\t<\/dd><\/dl><br style=\"clear: both\" \/><dl class='gallery-item'>\n\t\t\t<dt class='gallery-icon landscape'>\n\t\t\t\t<a href='https:\/\/berliner-toleranzbuendnis.de\/wp-content\/uploads\/2015\/01\/141010_BTB_MANEO_Handout_page88_image335.jpg'><img loading=\"lazy\" decoding=\"async\" width=\"300\" height=\"200\" src=\"https:\/\/berliner-toleranzbuendnis.de\/wp-content\/uploads\/2015\/01\/141010_BTB_MANEO_Handout_page88_image335-300x200.jpg\" class=\"attachment-medium size-medium\" alt=\"\" aria-describedby=\"gallery-2-642\" srcset=\"https:\/\/berliner-toleranzbuendnis.de\/wp-content\/uploads\/2015\/01\/141010_BTB_MANEO_Handout_page88_image335-300x200.jpg 300w, https:\/\/berliner-toleranzbuendnis.de\/wp-content\/uploads\/2015\/01\/141010_BTB_MANEO_Handout_page88_image335-225x150.jpg 225w, https:\/\/berliner-toleranzbuendnis.de\/wp-content\/uploads\/2015\/01\/141010_BTB_MANEO_Handout_page88_image335-150x100.jpg 150w, https:\/\/berliner-toleranzbuendnis.de\/wp-content\/uploads\/2015\/01\/141010_BTB_MANEO_Handout_page88_image335.jpg 551w\" sizes=\"auto, (max-width: 300px) 100vw, 300px\" \/><\/a>\n\t\t\t<\/dt>\n\t\t\t\t<dd class='wp-caption-text gallery-caption' id='gallery-2-642'>\n\t\t\t\tDas Ensemble des Friedrichstadt-Palasts brillierte mit seinem Auftritt \u201aMuscles\u2018 und begeisterte die G\u00e4ste. Foto: B. Dummer.\n\t\t\t\t<\/dd><\/dl><dl class='gallery-item'>\n\t\t\t<dt class='gallery-icon landscape'>\n\t\t\t\t<a href='https:\/\/berliner-toleranzbuendnis.de\/wp-content\/uploads\/2015\/01\/141010_BTB_MANEO_Handout_page88_image334.jpg'><img loading=\"lazy\" decoding=\"async\" width=\"300\" height=\"194\" src=\"https:\/\/berliner-toleranzbuendnis.de\/wp-content\/uploads\/2015\/01\/141010_BTB_MANEO_Handout_page88_image334-300x194.jpg\" class=\"attachment-medium size-medium\" alt=\"\" aria-describedby=\"gallery-2-641\" srcset=\"https:\/\/berliner-toleranzbuendnis.de\/wp-content\/uploads\/2015\/01\/141010_BTB_MANEO_Handout_page88_image334-300x194.jpg 300w, https:\/\/berliner-toleranzbuendnis.de\/wp-content\/uploads\/2015\/01\/141010_BTB_MANEO_Handout_page88_image334-232x150.jpg 232w, https:\/\/berliner-toleranzbuendnis.de\/wp-content\/uploads\/2015\/01\/141010_BTB_MANEO_Handout_page88_image334-150x97.jpg 150w, https:\/\/berliner-toleranzbuendnis.de\/wp-content\/uploads\/2015\/01\/141010_BTB_MANEO_Handout_page88_image334.jpg 568w\" sizes=\"auto, (max-width: 300px) 100vw, 300px\" \/><\/a>\n\t\t\t<\/dt>\n\t\t\t\t<dd class='wp-caption-text gallery-caption' id='gallery-2-641'>\n\t\t\t\t\u00dcbergab\u00dcbergabe des Tolerantia Award 2013 an Maria Sabine Augstein, mit Laudator Bruno Gm\u00fcnder (l.). Foto: B. Dummer.e des Tolerantia Award 2013 an Maria Sabine Augstein, mit Laudator Bruno Gm\u00fcnder (l.). Foto: B. Dummer.\n\t\t\t\t<\/dd><\/dl><br style=\"clear: both\" \/><dl class='gallery-item'>\n\t\t\t<dt class='gallery-icon landscape'>\n\t\t\t\t<a href='https:\/\/berliner-toleranzbuendnis.de\/wp-content\/uploads\/2015\/01\/141010_BTB_MANEO_Handout_page88_image333.jpg'><img loading=\"lazy\" decoding=\"async\" width=\"300\" height=\"200\" src=\"https:\/\/berliner-toleranzbuendnis.de\/wp-content\/uploads\/2015\/01\/141010_BTB_MANEO_Handout_page88_image333-300x200.jpg\" class=\"attachment-medium size-medium\" alt=\"\" aria-describedby=\"gallery-2-640\" srcset=\"https:\/\/berliner-toleranzbuendnis.de\/wp-content\/uploads\/2015\/01\/141010_BTB_MANEO_Handout_page88_image333-300x200.jpg 300w, https:\/\/berliner-toleranzbuendnis.de\/wp-content\/uploads\/2015\/01\/141010_BTB_MANEO_Handout_page88_image333-225x150.jpg 225w, https:\/\/berliner-toleranzbuendnis.de\/wp-content\/uploads\/2015\/01\/141010_BTB_MANEO_Handout_page88_image333-150x100.jpg 150w, https:\/\/berliner-toleranzbuendnis.de\/wp-content\/uploads\/2015\/01\/141010_BTB_MANEO_Handout_page88_image333.jpg 551w\" sizes=\"auto, (max-width: 300px) 100vw, 300px\" \/><\/a>\n\t\t\t<\/dt>\n\t\t\t\t<dd class='wp-caption-text gallery-caption' id='gallery-2-640'>\n\t\t\t\tDas vietnamesische Lotus Ensemble sendete Gr\u00fc\u00dfe an den Regierenden B\u00fcrgermeister, der zeitgleich in Vietnam weilte. Foto: B. Dummer.\n\t\t\t\t<\/dd><\/dl><dl class='gallery-item'>\n\t\t\t<dt class='gallery-icon landscape'>\n\t\t\t\t<a href='https:\/\/berliner-toleranzbuendnis.de\/wp-content\/uploads\/2015\/01\/141010_BTB_MANEO_Handout_page88_image332.jpg'><img loading=\"lazy\" decoding=\"async\" width=\"300\" height=\"200\" src=\"https:\/\/berliner-toleranzbuendnis.de\/wp-content\/uploads\/2015\/01\/141010_BTB_MANEO_Handout_page88_image332-300x200.jpg\" class=\"attachment-medium size-medium\" alt=\"\" aria-describedby=\"gallery-2-639\" srcset=\"https:\/\/berliner-toleranzbuendnis.de\/wp-content\/uploads\/2015\/01\/141010_BTB_MANEO_Handout_page88_image332-300x200.jpg 300w, https:\/\/berliner-toleranzbuendnis.de\/wp-content\/uploads\/2015\/01\/141010_BTB_MANEO_Handout_page88_image332-225x150.jpg 225w, https:\/\/berliner-toleranzbuendnis.de\/wp-content\/uploads\/2015\/01\/141010_BTB_MANEO_Handout_page88_image332-150x100.jpg 150w, https:\/\/berliner-toleranzbuendnis.de\/wp-content\/uploads\/2015\/01\/141010_BTB_MANEO_Handout_page88_image332.jpg 559w\" sizes=\"auto, (max-width: 300px) 100vw, 300px\" \/><\/a>\n\t\t\t<\/dt>\n\t\t\t\t<dd class='wp-caption-text gallery-caption' id='gallery-2-639'>\n\t\t\t\tDie Komische Oper pr\u00e4sentierte sich mit Timothy Richards, der mit \u201eDein ist mein ganzes Herz\u201c die G\u00e4ste verzauberte. Foto: B. Dummer.\n\t\t\t\t<\/dd><\/dl><br style=\"clear: both\" \/>\n\t\t<\/div>\n\n<hr \/>\n<p><span style=\"color: #ff6600;\"><strong>\u00a0MANEO-Gala zum 20j\u00e4hrigen Bestehen im Tipi<\/strong> <\/span><\/p>\n<div id=\"attachment_648\" style=\"width: 310px\" class=\"wp-caption alignright\"><a href=\"http:\/\/berliner-toleranzbuendnis.de\/wp-content\/uploads\/2015\/01\/141010_BTB_MANEO_Handout_page88_image342.jpg\"><img loading=\"lazy\" decoding=\"async\" aria-describedby=\"caption-attachment-648\" class=\"size-medium wp-image-648\" src=\"http:\/\/berliner-toleranzbuendnis.de\/wp-content\/uploads\/2015\/01\/141010_BTB_MANEO_Handout_page88_image342-300x264.jpg\" alt=\"30.08.2010: Gro\u00dfer Empfang zur MANEO-Jubil\u00e4umsgala im TIPI: (v.l.n.r.) Der Regierende B\u00fcrgermeister von Berlin Klaus Wowereit, Bundesjustizministerin a.D. Brigitte Zypries und MANEO-Projektleiter Bastian Finke. (Foto: B. Mannh\u00f6fer)\" width=\"300\" height=\"264\" srcset=\"https:\/\/berliner-toleranzbuendnis.de\/wp-content\/uploads\/2015\/01\/141010_BTB_MANEO_Handout_page88_image342-300x264.jpg 300w, https:\/\/berliner-toleranzbuendnis.de\/wp-content\/uploads\/2015\/01\/141010_BTB_MANEO_Handout_page88_image342-170x150.jpg 170w, https:\/\/berliner-toleranzbuendnis.de\/wp-content\/uploads\/2015\/01\/141010_BTB_MANEO_Handout_page88_image342-150x132.jpg 150w, https:\/\/berliner-toleranzbuendnis.de\/wp-content\/uploads\/2015\/01\/141010_BTB_MANEO_Handout_page88_image342.jpg 650w\" sizes=\"auto, (max-width: 300px) 100vw, 300px\" \/><\/a><p id=\"caption-attachment-648\" class=\"wp-caption-text\">30.08.2010: Gro\u00dfer Empfang zur MANEO-Jubil\u00e4umsgala im TIPI: (v.l.n.r.) Der Regierende B\u00fcrgermeister von Berlin Klaus Wowereit, Bundesjustizministerin a.D. Brigitte Zypries und MANEO-Projektleiter Bastian Finke. (Foto: B. Mannh\u00f6fer)<\/p><\/div>\n<p><strong>MANEO lud am 30.08.2010 zu einer Benefizgala ins TIPI am Kanzleramt ein. Anlass war der zwanzigste Geburtstag des Projektes. 500 G\u00e4ste f\u00fcllten das ausverkaufte Veranstaltungszelt bis auf den letzten Platz. Eine Vielzahl an Prominenz fand sich unter den Besuchern, wie der Regierende B\u00fcrgermeister von Berlin Klaus Wowereit, Berlins Parlamentspr\u00e4sident und ehemaliger Regierender B\u00fcrgermeister von Berlin Walter Momper, die B\u00fcrgermeisterin von K\u00f6ln Elfi Scho-Antwerpes und der B\u00fcrgermeister aus Heidelberg Wolfgang Erichson.<\/strong><\/p>\n<p>F\u00fcr das B\u00fchnenprogramm sorgte die Haute Vaulet der Berliner K\u00fcnstlerszene. Diseuse Georgette Dee und Chansonnier Tim Fischer sangen von der Liebe. Ungewohnt artig brachte Desiree Nick ein Geburtstagsst\u00e4ndchen um anschlie\u00dfend jedoch den mitgef\u00fchrten Geburtstagskuchen gro\u00dffl\u00e4chig \u00fcber das Publikum zu verteilen. Und Gabi Decker als Sicherheitschefin des Papstes im Vatikan verursachte laute Lacher. Durch den Abend f\u00fchrte Eric Rentmeister als charmanter 20er-Jahre Conferencier.<\/p>\n<p>Im Vergleich zu dem heiteren Programm \u00e4u\u00dferte sich die Berliner S\u00e4ngerin Angelika Mann deutlich ernsthafter. \u201eIch wei\u00df gar nicht, wie man einem Projekt zum Geburtstag gratulieren soll, das es eigentlich besser nicht g\u00e4be\u201c.<\/p>\n<div id=\"attachment_649\" style=\"width: 310px\" class=\"wp-caption alignright\"><a href=\"http:\/\/berliner-toleranzbuendnis.de\/wp-content\/uploads\/2015\/01\/141010_BTB_MANEO_Handout_page88_image341.jpg\"><img loading=\"lazy\" decoding=\"async\" aria-describedby=\"caption-attachment-649\" class=\"size-medium wp-image-649\" src=\"http:\/\/berliner-toleranzbuendnis.de\/wp-content\/uploads\/2015\/01\/141010_BTB_MANEO_Handout_page88_image341-300x198.jpg\" alt=\"Verleihung des MANEO-Awards 2010 an den Regierenden B\u00fcr-germeister von Berlin Klaus Wowereit. Foto: B. Dummer\" width=\"300\" height=\"198\" srcset=\"https:\/\/berliner-toleranzbuendnis.de\/wp-content\/uploads\/2015\/01\/141010_BTB_MANEO_Handout_page88_image341-300x198.jpg 300w, https:\/\/berliner-toleranzbuendnis.de\/wp-content\/uploads\/2015\/01\/141010_BTB_MANEO_Handout_page88_image341-227x150.jpg 227w, https:\/\/berliner-toleranzbuendnis.de\/wp-content\/uploads\/2015\/01\/141010_BTB_MANEO_Handout_page88_image341-150x99.jpg 150w, https:\/\/berliner-toleranzbuendnis.de\/wp-content\/uploads\/2015\/01\/141010_BTB_MANEO_Handout_page88_image341.jpg 656w\" sizes=\"auto, (max-width: 300px) 100vw, 300px\" \/><\/a><p id=\"caption-attachment-649\" class=\"wp-caption-text\">Verleihung des MANEO-Awards 2010 an den Regierenden B\u00fcr-germeister von Berlin Klaus Wowereit. Foto: B. Dummer<\/p><\/div>\n<p>Au\u00dferdem lieferten die Agentinnen des Staatsministeriums f\u00fcr Tunten-sicherheit (TunSi) Einblicke in zwanzig harte und bewegte Jahre intensiver Projektarbeit. Das Jugendprojekt \u201eTuned\u201c pr\u00e4sentierte einen eigens komponierten Hip-Hip-Song \u201eManeo\u201c. Mit dem neu ins Leben gerufenen MANEO Award wurde Berlins Regierender B\u00fcrgermeister Klaus Wowereit f\u00fcr sein gro\u00dfes Engagement f\u00fcr die Rechte von LGBT Menschen ausgezeichnet. \u201eMANEO ist eines der wichtigsten Projekte dieser Stadt. Denn auch wenn Berlin als eine offene und tolerante Stadt gilt, sind Gewalt und Diskriminierung gegen Menschen wegen ihrer schwulen oder lesbischen Lebensweise trauriger Alltag\u201c, so Wowereit.<\/p>\n<p><strong>Viele prominente G\u00e4ste und Gratulanten<\/strong><\/p>\n<div id=\"attachment_650\" style=\"width: 310px\" class=\"wp-caption alignright\"><a href=\"http:\/\/berliner-toleranzbuendnis.de\/wp-content\/uploads\/2015\/01\/141010_BTB_MANEO_Handout_page88_image346.jpg\"><img loading=\"lazy\" decoding=\"async\" aria-describedby=\"caption-attachment-650\" class=\"size-medium wp-image-650\" src=\"http:\/\/berliner-toleranzbuendnis.de\/wp-content\/uploads\/2015\/01\/141010_BTB_MANEO_Handout_page88_image346-300x196.jpg\" alt=\"Mit dabei (v.l.n.r.): K\u00f6lns B\u00fcrgermeisterin Elfi Scho-Antwerpes, Gr\u00fcner Bundestagsabgeordneter Volker Beck und die Vorsitzende der J\u00fcdischen Gemeinde zu Berlin Lala S\u00fcsskind. Foto: B. Mannh\u00f6fer.\" width=\"300\" height=\"196\" srcset=\"https:\/\/berliner-toleranzbuendnis.de\/wp-content\/uploads\/2015\/01\/141010_BTB_MANEO_Handout_page88_image346-300x196.jpg 300w, https:\/\/berliner-toleranzbuendnis.de\/wp-content\/uploads\/2015\/01\/141010_BTB_MANEO_Handout_page88_image346-229x150.jpg 229w, https:\/\/berliner-toleranzbuendnis.de\/wp-content\/uploads\/2015\/01\/141010_BTB_MANEO_Handout_page88_image346-150x98.jpg 150w, https:\/\/berliner-toleranzbuendnis.de\/wp-content\/uploads\/2015\/01\/141010_BTB_MANEO_Handout_page88_image346.jpg 676w\" sizes=\"auto, (max-width: 300px) 100vw, 300px\" \/><\/a><p id=\"caption-attachment-650\" class=\"wp-caption-text\">Mit dabei (v.l.n.r.): K\u00f6lns B\u00fcrgermeisterin Elfi Scho-Antwerpes, Gr\u00fcner Bundestagsabgeordneter Volker Beck und die Vorsitzende der J\u00fcdischen Gemeinde zu Berlin Lala S\u00fcsskind. Foto: B. Mannh\u00f6fer.<\/p><\/div>\n<p>Zu den prominenten G\u00e4sten des Abends z\u00e4hlten u.a. der Pr\u00e4sident des Berliner Abgeordnetenhauses und ehemaliger Regierender Berliner B\u00fcrgermeister von Berlin Walter Momper, Bundesjustizministerin a.D. Brigitte Zypries, Justizsenatorin Giesela von der Aue, Lichtenbergs Bezirksb\u00fcrgermeisterin Christina Emmerich, Lala S\u00fc\u00dfkind, Vorsitzende der J\u00fcdischen Gemeinde zu Berlin, Ex-CDU-Finanzse-nator Peter Kurth, Linke-Vorsitzender Klaus Lederer, der Gr\u00fcne Bundestagsabgeordnete Volker Beck, der Berliner Polizeipr\u00e4sident Dieter Glietsch, die Berliner Staatssekret\u00e4re Dr. Richard Meng, Rainer-Maria Fritsch, Rolf Sch\u00fctte und Thomas H\u00e4rtel, au\u00dferdem Safter Cinar, Vorstandsmitglied des T\u00fcrkischen Bundes Berlin-Brandenburg, Schauspielerin Barbara Sch\u00f6ne, Schminke-Sammler Ren\u00e9 Koch und Georg Preu\u00dfe alias \u201eMary\u201c, ebenso Vertreter der Partnerorganisationen COGAM (Madrid), SOS-Homophobie (Paris) und Lambda-Warszawa (Warschau). Begr\u00fc\u00dft wurde au\u00dferdem eine Gruppe Jugendlicher aus Tel Aviv, die einen Anschlag auf ihren LSBT*-Jugendtreff \u201eBar Noar\u201c im August 2009 \u00fcberlebt hatten.<\/p>\n<div id=\"attachment_651\" style=\"width: 610px\" class=\"wp-caption alignnone\"><a href=\"http:\/\/berliner-toleranzbuendnis.de\/wp-content\/uploads\/2015\/01\/141010_BTB_MANEO_Handout_page88_image347.jpg\"><img loading=\"lazy\" decoding=\"async\" aria-describedby=\"caption-attachment-651\" class=\"wp-image-651 size-full\" src=\"http:\/\/berliner-toleranzbuendnis.de\/wp-content\/uploads\/2015\/01\/141010_BTB_MANEO_Handout_page88_image347-e1421518010579.jpg\" alt=\"Finale der MANEO-Jubil\u00e4umsgala mit \u201astanding ovations\u2019 f\u00fcr die auftretenden K\u00fcnstler. Foto: B. Dummer.\" width=\"600\" height=\"363\" \/><\/a><p id=\"caption-attachment-651\" class=\"wp-caption-text\">Finale der MANEO-Jubil\u00e4umsgala mit \u201astanding ovations\u2019 f\u00fcr die auftretenden K\u00fcnstler. Foto: B. Dummer.<\/p><\/div>\n","protected":false},"excerpt":{"rendered":"<p>Charity Dinner 2014 Gala Event im Quatsch Comedy Club im Berliner Friedrichstadt-Palast &nbsp; \u00a0Am 20. Oktober 2014 lud MANEO zum diesj\u00e4hrigen Charity Dinner in den deutschlandweit bekannten Quatsch Comedy Club im Berliner Friedrichstadt-Palast ein. Der Regierende B\u00fcrgermeister von Berlin Klaus Wowereit hatte die Schirmherrschaft \u00fcbernommen. \u00dcber 130 G\u00e4ste aus Politik, \u2026<\/p>\n<p class=\"continue-reading-button\"> <a class=\"continue-reading-link\" href=\"https:\/\/berliner-toleranzbuendnis.de\/?page_id=150\">&gt;&gt; Mehr<i class=\"crycon-right-dir\"><\/i><\/a><\/p>\n","protected":false},"author":1,"featured_media":0,"parent":110,"menu_order":2,"comment_status":"closed","ping_status":"open","template":"","meta":{"footnotes":""},"class_list":["post-150","page","type-page","status-publish","hentry"],"_links":{"self":[{"href":"https:\/\/berliner-toleranzbuendnis.de\/index.php?rest_route=\/wp\/v2\/pages\/150","targetHints":{"allow":["GET"]}}],"collection":[{"href":"https:\/\/berliner-toleranzbuendnis.de\/index.php?rest_route=\/wp\/v2\/pages"}],"about":[{"href":"https:\/\/berliner-toleranzbuendnis.de\/index.php?rest_route=\/wp\/v2\/types\/page"}],"author":[{"embeddable":true,"href":"https:\/\/berliner-toleranzbuendnis.de\/index.php?rest_route=\/wp\/v2\/users\/1"}],"replies":[{"embeddable":true,"href":"https:\/\/berliner-toleranzbuendnis.de\/index.php?rest_route=%2Fwp%2Fv2%2Fcomments&post=150"}],"version-history":[{"count":13,"href":"https:\/\/berliner-toleranzbuendnis.de\/index.php?rest_route=\/wp\/v2\/pages\/150\/revisions"}],"predecessor-version":[{"id":660,"href":"https:\/\/berliner-toleranzbuendnis.de\/index.php?rest_route=\/wp\/v2\/pages\/150\/revisions\/660"}],"up":[{"embeddable":true,"href":"https:\/\/berliner-toleranzbuendnis.de\/index.php?rest_route=\/wp\/v2\/pages\/110"}],"wp:attachment":[{"href":"https:\/\/berliner-toleranzbuendnis.de\/index.php?rest_route=%2Fwp%2Fv2%2Fmedia&parent=150"}],"curies":[{"name":"wp","href":"https:\/\/api.w.org\/{rel}","templated":true}]}}